{"id":644,"date":"2025-05-05T11:46:18","date_gmt":"2025-05-05T10:46:18","guid":{"rendered":"https:\/\/kalkbrenner.ws\/accueil\/"},"modified":"2026-04-24T14:36:52","modified_gmt":"2026-04-24T13:36:52","slug":"accueil","status":"publish","type":"page","link":"https:\/\/kalkbrenner.ws\/fr\/","title":{"rendered":"Accueil"},"content":{"rendered":"<div class=\"wpb-content-wrapper\"><p>[vc_row full_width=\u00a0\u00bbstretch_row\u00a0\u00bb css=\u00a0\u00bb.vc_custom_1748342959168{margin-top: -20px !important;padding-top: 15px !important;padding-bottom: 15px !important;background-color: #f5f5f5 !important;}\u00a0\u00bb conditional_render=\u00a0\u00bb%5B%7B%22value_role%22%3A%22administrator%22%7D%5D\u00a0\u00bb css_params=\u00a0\u00bb\u00a0\u00bb el_id=\u00a0\u00bbsearch_desktop\u00a0\u00bb el_class=\u00a0\u00bbvc_hidden-xs\u00a0\u00bb][vc_column][vc_single_image image=\u00a0\u00bb653&Prime; img_size=\u00a0\u00bbFULL\u00a0\u00bb alignment=\u00a0\u00bbcenter\u00a0\u00bb onclick=\u00a0\u00bbcustom_link\u00a0\u00bb css=\u00a0\u00bb.vc_custom_1749826749162{margin-bottom: 0px !important;}\u00a0\u00bb css_params=\u00a0\u00bb\u00a0\u00bb link=\u00a0\u00bbhttps:\/\/reservas.kalkbrenner.ws\/rentals\/holidays-rentals-rentals-d0\/\u00a0\u00bb el_id=\u00a0\u00bbdestop\u00a0\u00bb][\/vc_column][\/vc_row][vc_row full_width=\u00a0\u00bbstretch_row\u00a0\u00bb css=\u00a0\u00bb.vc_custom_1749641552553{margin-top: -42px !important;margin-bottom: 0px !important;padding-top: 15px !important;padding-bottom: 15px !important;background-color: #f5f5f5 !important;}\u00a0\u00bb conditional_render=\u00a0\u00bb%5B%7B%22value_role%22%3A%22administrator%22%7D%5D\u00a0\u00bb css_params=\u00a0\u00bb\u00a0\u00bb el_id=\u00a0\u00bbsearch_mobile\u00a0\u00bb el_class=\u00a0\u00bbvc_hidden-lg vc_hidden-md vc_hidden-sm\u00a0\u00bb][vc_column][vc_single_image image=\u00a0\u00bb648&Prime; img_size=\u00a0\u00bbFULL\u00a0\u00bb alignment=\u00a0\u00bbcenter\u00a0\u00bb onclick=\u00a0\u00bbcustom_link\u00a0\u00bb css=\u00a0\u00bb.vc_custom_1748342779285{margin-bottom: 0px !important;}\u00a0\u00bb css_params=\u00a0\u00bb\u00a0\u00bb link=\u00a0\u00bbhttps:\/\/reservas.kalkbrenner.ws\/rentals\/holidays-rentals-rentals-d0\/\u00a0\u00bb][\/vc_column][\/vc_row][vc_row css=\u00a0\u00bb.vc_custom_1746459054622{margin-top: 75px !important;}\u00a0\u00bb conditional_render=\u00a0\u00bb%5B%7B%22value_role%22%3A%22administrator%22%7D%5D\u00a0\u00bb css_params=\u00a0\u00bb\u00a0\u00bb][vc_column width=\u00a0\u00bb2\/3&Prime; offset=\u00a0\u00bbvc_col-xl-6 vc_col-lg-8 vc_col-md-8&Prime; conditional_render=\u00a0\u00bb%5B%7B%22value_role%22%3A%22administrator%22%7D%5D\u00a0\u00bb css_params=\u00a0\u00bb\u00a0\u00bb][vc_column_text css=\u00a0\u00bb\u00a0\u00bb css_params=\u00a0\u00bb\u00a0\u00bb]<\/p>\n<h1><strong>Plus de 45 ans d\u2019exp\u00e9rience<\/strong> dans l\u2019accompagnement \u00e0 la propri\u00e9t\u00e9, la gestion et la location de courte dur\u00e9e \u00e0 Praia do Carvoeiro !<\/h1>\n<p>[\/vc_column_text][\/vc_column][\/vc_row][vc_row css=\u00a0\u00bb.vc_custom_1746459060118{margin-top: 100px !important;}\u00a0\u00bb conditional_render=\u00a0\u00bb%5B%7B%22value_role%22%3A%22administrator%22%7D%5D\u00a0\u00bb css_params=\u00a0\u00bb\u00a0\u00bb][vc_column][vc_text_separator title=\u00a0\u00bbNotre expertise\u00a0\u00bb title_align=\u00a0\u00bbseparator_align_left\u00a0\u00bb align=\u00a0\u00bbalign_left\u00a0\u00bb color=\u00a0\u00bbcustom\u00a0\u00bb css=\u00a0\u00bb\u00a0\u00bb style=\u00a0\u00bbsolid\u00a0\u00bb element=\u00a0\u00bbh2&Prime; accent_color=\u00a0\u00bb#e6e6e6&Prime; css_params=\u00a0\u00bb\u00a0\u00bb][\/vc_column][\/vc_row][vc_row gap=\u00a0\u00bb30&Prime; css=\u00a0\u00bb.vc_custom_1746459357521{margin-top: 40px !important;}\u00a0\u00bb conditional_render=\u00a0\u00bb%5B%7B%22value_role%22%3A%22administrator%22%7D%5D\u00a0\u00bb css_params=\u00a0\u00bb\u00a0\u00bb][vc_column width=\u00a0\u00bb1\/3&Prime;]<div class=\"porto-u-heading  wpb_custom_257a69c66b5315e12997390a986a5c34 porto-u-ad87e2eaf3f9c495180fe0156ddf3eb0 \"><div class=\"porto-u-main-heading\"><h2   style=\"margin-bottom: 15px;\">Gestion compl\u00e8te<\/h2><\/div><div class=\"porto-u-sub-heading\" style=\"\">En tant que soci\u00e9t\u00e9 de gestion immobili\u00e8re bas\u00e9e \u00e0 Carvoeiro, nous g\u00e9rons les probl\u00e8mes des locataires, percevons les loyers, assurons l\u2019entretien, les r\u00e9parations et supervisons le personnel. Confiez votre investissement \u00e0 de bonnes mains afin d\u2019en pr\u00e9server la valeur au fil des ann\u00e9es.<\/div><style>.porto-u-ad87e2eaf3f9c495180fe0156ddf3eb0.porto-u-heading{text-align:left}<\/style><\/div>[\/vc_column][vc_column width=\u00a0\u00bb1\/3&Prime;]<div class=\"porto-u-heading  wpb_custom_257a69c66b5315e12997390a986a5c34 porto-u-ad87e2eaf3f9c495180fe0156ddf3eb0 \"><div class=\"porto-u-main-heading\"><h2   style=\"margin-bottom: 15px;\">H\u00e9bergement local<\/h2><\/div><div class=\"porto-u-sub-heading\" style=\"\">Faites appel \u00e0 une soci\u00e9t\u00e9 de gestion immobili\u00e8re pour g\u00e9rer votre h\u00e9bergement local, de l\u2019enregistrement des clients \u00e0 la licence et aux r\u00e9glementations en mati\u00e8re de sant\u00e9 et s\u00e9curit\u00e9. Confiez-nous tous les aspects de la gestion locative et profitez de la tranquillit\u00e9 d\u2019esprit qu\u2019offre une \u00e9quipe professionnelle.<\/div><style>.porto-u-ad87e2eaf3f9c495180fe0156ddf3eb0.porto-u-heading{text-align:left}<\/style><\/div>[\/vc_column][vc_column width=\u00a0\u00bb1\/3&Prime;]<div class=\"porto-u-heading  wpb_custom_257a69c66b5315e12997390a986a5c34 porto-u-ad87e2eaf3f9c495180fe0156ddf3eb0 \"><div class=\"porto-u-main-heading\"><h2   style=\"margin-bottom: 15px;\">R\u00e8gles et r\u00e9glementations immobili\u00e8res<\/h2><\/div><div class=\"porto-u-sub-heading\" style=\"\">Si vous envisagez d\u2019acheter et avez des questions sur les mod\u00e8les \u00e9conomiques, la rentabilit\u00e9, les r\u00e9parations ou la fiscalit\u00e9, contactez-nous pour des solutions adapt\u00e9es afin d\u2019obtenir les informations n\u00e9cessaires.<\/p>\n<p>R\u00e9servez une consultation d\u00e8s aujourd\u2019hui pour prendre une d\u00e9cision d\u2019achat \u00e9clair\u00e9e.<\/div><style>.porto-u-ad87e2eaf3f9c495180fe0156ddf3eb0.porto-u-heading{text-align:left}<\/style><\/div>[\/vc_column][\/vc_row][vc_row css=\u00a0\u00bb.vc_custom_1746457578629{margin-top: 75px !important;}\u00a0\u00bb conditional_render=\u00a0\u00bb%5B%7B%22value_role%22%3A%22administrator%22%7D%5D\u00a0\u00bb css_params=\u00a0\u00bb\u00a0\u00bb][vc_column]<div class=\"porto-block\" data-id=\"759\"><style>.vc_custom_1761560892748{background-image: url(https:\/\/kalkbrenner.ws\/wp-content\/uploads\/2025\/05\/contact-us-2.jpg?id=551) !important;background-position: center !important;background-repeat: no-repeat !important;background-size: cover !important;}.vc_custom_1746456880445{margin-bottom: 0px !important;}.vc_custom_1777038742830{margin-top: 50px !important;}.wpb_custom_833b57a40257c70fae898b52a19ab2ac.porto-u-heading .porto-u-main-heading > *{font-size:3rem;}@media (max-width:575px){.wpb_custom_833b57a40257c70fae898b52a19ab2ac.porto-u-heading .porto-u-main-heading > *{font-size:3rem;}}.wpb_custom_833b57a40257c70fae898b52a19ab2ac.porto-u-heading .porto-u-main-heading > *{line-height:1.1;}.wpb_custom_13675111f8767988fcb5dda4e1c47101.porto-btn{font-family:Inria Serif;font-size:22px;}<\/style>[vc_row content_placement=\"middle\" conditional_render=\"%5B%7B%22value_role%22%3A%22administrator%22%7D%5D\" css_params=\"\"][vc_column]<div class=\"porto-ibanner interactive-banner-wrap-1368ed295cfdbb6b88adaac7efb6cfe6 vc_custom_1761560892748 banner-right\" style=\"min-height:500px;\"><div class=\"porto-ibanner-desc no-padding d-flex\"><div class=\"porto-ibanner-layer vc_custom_1746456880445 wpb_custom_2c5109c031829f9c54153ed0e6239ff6 banner-pos-f6356757d4f73384a3f5bc65723ae83a\" style=\"width:90%;\"><div class=\"porto-u-heading  wpb_custom_833b57a40257c70fae898b52a19ab2ac porto-u-366ff92ac56193420f452da2f89b711d \"><div class=\"porto-u-main-heading\"><h2   style=\"color:#004aad;margin-bottom: 5px;\">Kalkbrenner Properties<\/h2><\/div><div class=\"porto-u-sub-heading\" style=\"color: #004aad;\"><span style=\"font-size: 22px;\">Locations de villas - Immobilier - Gestion immobili\u00e8re<\/span><\/div><style>.porto-u-366ff92ac56193420f452da2f89b711d.porto-u-heading{text-align:left} @media(max-width:991px){ .porto-u-366ff92ac56193420f452da2f89b711d.porto-u-heading{text-align:center}} @media(max-width:767px){ .porto-u-366ff92ac56193420f452da2f89b711d.porto-u-heading{text-align:center}} @media(max-width:575px){ .porto-u-366ff92ac56193420f452da2f89b711d.porto-u-heading{text-align:center}}<\/style><\/div><div class=\"porto-btn-ctn-left botao-banner\"><a class=\"porto-btn  vc_custom_1777038742830 porto-adjust-bottom-margin porto-btn-small porto-btn-fade-bg   wpb_custom_13675111f8767988fcb5dda4e1c47101  porto-btn-left \" title='Contactez-nous' rel='' href = \"https:\/\/kalkbrenner.ws\/fr\/contactez-nous\/\"  data-hover=\"#ffffff\" data-border-color=\"#004aad\" data-bg=\"rgba(255,255,255,0.01)\" data-hover-bg=\"#004aad\" data-border-hover=\"#004aad\" data-shadow-click=\"none\" data-shadow=\"\" style=\"border-width:1px;border-color:#004aad;border-style:solid;background: rgba(255,255,255,0.01);color: #004aad;\"><span class=\"porto-btn-hover\" style=\"background-color:#004aad\"><\/span><span class=\"porto-btn-data porto-btn-text \" >Contactez-nous<\/span><\/a><\/div><style>.banner-pos-f6356757d4f73384a3f5bc65723ae83a {left: 50%;right: unset;top: 50%;bottom: unset;transform: translate(-50%, -50%);}<\/style><\/div><\/div><\/div>[\/vc_column][\/vc_row]<\/div>[\/vc_column][\/vc_row][vc_row css=\u00a0\u00bb.vc_custom_1746447191746{margin-top: 75px !important;}\u00a0\u00bb conditional_render=\u00a0\u00bb%5B%7B%22value_role%22%3A%22administrator%22%7D%5D\u00a0\u00bb css_params=\u00a0\u00bb\u00a0\u00bb][vc_column][vc_text_separator title=\u00a0\u00bbR\u00e9seau d\u2019entreprises\u00a0\u00bb title_align=\u00a0\u00bbseparator_align_left\u00a0\u00bb align=\u00a0\u00bbalign_left\u00a0\u00bb color=\u00a0\u00bbcustom\u00a0\u00bb css=\u00a0\u00bb\u00a0\u00bb style=\u00a0\u00bbsolid\u00a0\u00bb element=\u00a0\u00bbh2&Prime; accent_color=\u00a0\u00bb#e6e6e6&Prime; css_params=\u00a0\u00bb\u00a0\u00bb][\/vc_column][\/vc_row][vc_row gap=\u00a0\u00bb30&Prime; css=\u00a0\u00bb.vc_custom_1746459372508{margin-top: 40px !important;}\u00a0\u00bb conditional_render=\u00a0\u00bb%5B%7B%22value_role%22%3A%22administrator%22%7D%5D\u00a0\u00bb css_params=\u00a0\u00bb\u00a0\u00bb][vc_column width=\u00a0\u00bb1\/3&Prime;]<div class=\"porto-u-heading  wpb_custom_257a69c66b5315e12997390a986a5c34 porto-u-ad87e2eaf3f9c495180fe0156ddf3eb0  vc_custom_1746458842377\"><div class=\"porto-u-main-heading\"><h2   style=\"margin-bottom: 15px;\">Carvoeiro directory<\/h2><\/div><div class=\"porto-u-sub-heading\" style=\"\">Depuis 2020, le dossier d\u2019information classique des villas est pass\u00e9 \u00e0 un format num\u00e9rique, offrant aux voyageurs des informations et des recommandations bas\u00e9es sur l\u2019exp\u00e9rience pour les activit\u00e9s locales et les restaurants, ainsi qu\u2019une plateforme sociale avec des mises \u00e0 jour r\u00e9guli\u00e8res sur les tendances. Chaque maison dispose de sa page priv\u00e9e, mais les recommandations sont accessibles \u00e0 tous.<\/div><style>.porto-u-ad87e2eaf3f9c495180fe0156ddf3eb0.porto-u-heading{text-align:left}<\/style><\/div>[vc_icon icon_fontawesome=\u00a0\u00bbfab fa-instagram\u00a0\u00bb color=\u00a0\u00bbcustom\u00a0\u00bb background_style=\u00a0\u00bbrounded\u00a0\u00bb background_color=\u00a0\u00bbcustom\u00a0\u00bb size=\u00a0\u00bbxs\u00a0\u00bb css=\u00a0\u00bb.vc_custom_1746457524812{margin-left: 0px !important;}\u00a0\u00bb custom_color=\u00a0\u00bb#ffffff\u00a0\u00bb link=\u00a0\u00bburl:https%3A%2F%2Fwww.instagram.com%2Fcarvoeiro.directory%2F|target:_blank|\u00a0\u00bb css_params=\u00a0\u00bb\u00a0\u00bb custom_background_color=\u00a0\u00bb#004aad\u00a0\u00bb][\/vc_column][vc_column width=\u00a0\u00bb2\/3&Prime;]<div class=\"porto-u-heading  wpb_custom_257a69c66b5315e12997390a986a5c34 porto-u-ad87e2eaf3f9c495180fe0156ddf3eb0  vc_custom_1746458853276\"><div class=\"porto-u-main-heading\"><h2   style=\"margin-bottom: 15px;\">boxpt.eu<\/h2><\/div><div class=\"porto-u-sub-heading\" style=\"\">La logistique devient une part importante de la propri\u00e9t\u00e9 immobili\u00e8re au fil des ann\u00e9es : laisser une voiture immobilis\u00e9e pendant des mois ou fermer des pi\u00e8ces enti\u00e8res pour stocker des biens personnels, en perdant des revenus potentiels, n\u2019a pas de sens. C\u2019est pourquoi nous avons ouvert un espace de stockage pr\u00e8s de notre bureau \u00e0 Carvoeiro, adapt\u00e9 aux besoins de stockage de v\u00e9hicules et d\u2019objets.<\/p>\n<p><a href=\"https:\/\/boxpt.eu\" target=\"_blank\" rel=\"noopener\">www.boxpt.eu<br \/>\n<\/a><\/div><style>.porto-u-ad87e2eaf3f9c495180fe0156ddf3eb0.porto-u-heading{text-align:left}<\/style><\/div>[vc_icon icon_fontawesome=\u00a0\u00bbfab fa-facebook-f\u00a0\u00bb color=\u00a0\u00bbcustom\u00a0\u00bb background_style=\u00a0\u00bbrounded\u00a0\u00bb background_color=\u00a0\u00bbcustom\u00a0\u00bb size=\u00a0\u00bbxs\u00a0\u00bb css=\u00a0\u00bb.vc_custom_1746447427984{margin-left: 0px !important;}\u00a0\u00bb custom_color=\u00a0\u00bb#ffffff\u00a0\u00bb link=\u00a0\u00bburl:https%3A%2F%2Fwww.facebook.com%2Fboxpt%2F|target:_blank|\u00a0\u00bb css_params=\u00a0\u00bb\u00a0\u00bb custom_background_color=\u00a0\u00bb#004aad\u00a0\u00bb][\/vc_column][\/vc_row][vc_row css=\u00a0\u00bb.vc_custom_1746457435829{margin-top: 75px !important;}\u00a0\u00bb conditional_render=\u00a0\u00bb%5B%7B%22value_role%22%3A%22administrator%22%7D%5D\u00a0\u00bb css_params=\u00a0\u00bb\u00a0\u00bb][vc_column]<div class=\"porto-block\" data-id=\"766\"><style>.vc_custom_1761561112245{background-image: url(https:\/\/kalkbrenner.ws\/wp-content\/uploads\/2025\/05\/reserve-now-2.jpg?id=552) !important;background-position: center !important;background-repeat: no-repeat !important;background-size: cover !important;}.vc_custom_1746456880445{margin-bottom: 0px !important;}.vc_custom_1748343124811{margin-top: 50px !important;}.wpb_custom_5500edc1189ad05591b1ed1a23096303.porto-u-heading .porto-u-main-heading > *{font-size:3rem;}@media (max-width:575px){.wpb_custom_5500edc1189ad05591b1ed1a23096303.porto-u-heading .porto-u-main-heading > *{font-size:3rem;}}.wpb_custom_5500edc1189ad05591b1ed1a23096303.porto-u-heading .porto-u-main-heading > *{line-height:1;}.wpb_custom_13675111f8767988fcb5dda4e1c47101.porto-btn{font-family:Inria Serif;font-size:22px;}<\/style>[vc_row content_placement=\"middle\" conditional_render=\"%5B%7B%22value_role%22%3A%22administrator%22%7D%5D\" css_params=\"\"][vc_column]<div class=\"porto-ibanner interactive-banner-wrap-1368ed295cfdbb6b88adaac7efb6cfe6 vc_custom_1761561112245 banner\" style=\"min-height:500px;\"><div class=\"porto-ibanner-desc no-padding d-flex\"><div class=\"porto-ibanner-layer vc_custom_1746456880445 wpb_custom_2c5109c031829f9c54153ed0e6239ff6 banner-pos-f6356757d4f73384a3f5bc65723ae83a\" style=\"width:90%;\"><div class=\"porto-u-heading  wpb_custom_5500edc1189ad05591b1ed1a23096303 porto-u-552b4964a198c60420310b5049462a59 \"><div class=\"porto-u-main-heading\"><h2   style=\"color:#004aad;margin-bottom: 5px;\">R\u00e9servez vos vacances d\u00e8s maintenant<\/h2><\/div><div class=\"porto-u-sub-heading\" style=\"color: #004aad;\"><span style=\"font-size: 22px;\">Venez profiter du meilleur de l\u2019Algarve avec nous.<\/span><\/div><style>.porto-u-552b4964a198c60420310b5049462a59.porto-u-heading{text-align:right} @media(max-width:991px){ .porto-u-552b4964a198c60420310b5049462a59.porto-u-heading{text-align:center}} @media(max-width:767px){ .porto-u-552b4964a198c60420310b5049462a59.porto-u-heading{text-align:center}} @media(max-width:575px){ .porto-u-552b4964a198c60420310b5049462a59.porto-u-heading{text-align:center}}<\/style><\/div><div class=\"porto-btn-ctn-right botao-banner\"><a class=\"porto-btn  vc_custom_1748343124811 porto-adjust-bottom-margin porto-btn-small porto-btn-fade-bg   wpb_custom_13675111f8767988fcb5dda4e1c47101  porto-btn-right \"  rel='' href = \"https:\/\/reservas.kalkbrenner.ws\/rentals\/holidays-rentals-rentals-d0\/\"  data-hover=\"#ffffff\" data-border-color=\"#004aad\" data-bg=\"rgba(255,255,255,0.01)\" data-hover-bg=\"#004aad\" data-border-hover=\"#004aad\" data-shadow-click=\"none\" data-shadow=\"\" style=\"border-width:1px;border-color:#004aad;border-style:solid;background: rgba(255,255,255,0.01);color: #004aad;\"><span class=\"porto-btn-hover\" style=\"background-color:#004aad\"><\/span><span class=\"porto-btn-data porto-btn-text \" >R\u00e9servez maintenant<\/span><\/a><\/div><style>.banner-pos-f6356757d4f73384a3f5bc65723ae83a {left: 50%;right: unset;top: 50%;bottom: unset;transform: translate(-50%, -50%);}<\/style><\/div><\/div><\/div>[\/vc_column][\/vc_row]<\/div>[\/vc_column][\/vc_row][vc_row css=\u00a0\u00bb.vc_custom_1746448191769{margin-top: 75px !important;margin-bottom: 50px !important;}\u00a0\u00bb conditional_render=\u00a0\u00bb%5B%7B%22value_role%22%3A%22administrator%22%7D%5D\u00a0\u00bb css_params=\u00a0\u00bb\u00a0\u00bb][vc_column width=\u00a0\u00bb1\/2&Prime; offset=\u00a0\u00bbvc_col-xl-3 vc_col-lg-3 vc_col-md-6&Prime; conditional_render=\u00a0\u00bb%5B%7B%22value_role%22%3A%22administrator%22%7D%5D\u00a0\u00bb css_params=\u00a0\u00bb\u00a0\u00bb]<div class=\"porto-u-heading  wpb_custom_ede98e8ecee89fbd6dab7528e5940e9a porto-u-ad87e2eaf3f9c495180fe0156ddf3eb0  vc_custom_1746462171331\"><div class=\"porto-u-main-heading\"><h2   style=\"margin-bottom: 15px;\">Services suppl\u00e9mentaires<\/h2><\/div><div class=\"porto-u-sub-heading\" style=\"\">Si vous avez besoin d\u2019un transfert a\u00e9roport ou d\u2019une location de voiture, nous pouvons vous proposer les meilleurs services.<\/div><style>.porto-u-ad87e2eaf3f9c495180fe0156ddf3eb0.porto-u-heading{text-align:left}<\/style><\/div>[\/vc_column][vc_column width=\u00a0\u00bb1\/2&Prime; offset=\u00a0\u00bbvc_col-xl-3 vc_col-lg-3 vc_col-md-6&Prime; conditional_render=\u00a0\u00bb%5B%7B%22value_role%22%3A%22administrator%22%7D%5D\u00a0\u00bb css_params=\u00a0\u00bb\u00a0\u00bb]<a aria-label=\"Location de voitures\" class=\"porto-sicon-box-link\" href=\"\/fr\/location-de-voitures\/\" title='Location de voitures'><div class=\"porto-sicon-box  vc_custom_1777037758690  wpb_custom_1cb25b551aa8fbc7e61b0bfda2344ea6 style_2 top-icon\"><div class=\"porto-sicon-top\"><div class=\"porto-just-icon-wrapper porto-sicon-img  porto-icon-9f5d1cfb45d27d96b50bf473aebba227\" style=\"font-size: 120px;\"><img loading=\"lazy\" decoding=\"async\" class=\"img-icon\" alt=\"\" src=\"https:\/\/kalkbrenner.ws\/wp-content\/uploads\/2025\/05\/car.svg\" width=\"24076\" height=\"21546\" \/><\/div><\/div><div class=\"porto-sicon-header\"><h1 class=\"porto-sicon-title\" style=\"\">Location de voitures<\/h1><\/div> <!-- header --><\/div><!-- porto-sicon-box --><\/a>[\/vc_column][vc_column width=\u00a0\u00bb1\/2&Prime; offset=\u00a0\u00bbvc_col-xl-3 vc_col-lg-3 vc_col-md-6&Prime; conditional_render=\u00a0\u00bb%5B%7B%22value_role%22%3A%22administrator%22%7D%5D\u00a0\u00bb css_params=\u00a0\u00bb\u00a0\u00bb]<a aria-label=\"Transferts a\u00e9roport\" class=\"porto-sicon-box-link\" href=\"\/fr\/transferts-aeroport\/\" title='Airport Transfers'><div class=\"porto-sicon-box  vc_custom_1777037786910  wpb_custom_1cb25b551aa8fbc7e61b0bfda2344ea6 style_2 top-icon\"><div class=\"porto-sicon-top\"><div class=\"porto-just-icon-wrapper porto-sicon-img  porto-icon-9f5d1cfb45d27d96b50bf473aebba227\" style=\"font-size: 120px;\"><img loading=\"lazy\" decoding=\"async\" class=\"img-icon\" alt=\"\" src=\"https:\/\/kalkbrenner.ws\/wp-content\/uploads\/2025\/05\/airplane.svg\" width=\"1798\" height=\"1609\" \/><\/div><\/div><div class=\"porto-sicon-header\"><h1 class=\"porto-sicon-title\" style=\"\">Transferts a\u00e9roport<\/h1><\/div> <!-- header --><\/div><!-- porto-sicon-box --><\/a>[\/vc_column][vc_column width=\u00a0\u00bb1\/2&Prime; offset=\u00a0\u00bbvc_col-xl-3 vc_col-lg-3 vc_col-md-6&Prime; conditional_render=\u00a0\u00bb%5B%7B%22value_role%22%3A%22administrator%22%7D%5D\u00a0\u00bb css_params=\u00a0\u00bb\u00a0\u00bb]<a aria-label=\"Excursions\" class=\"porto-sicon-box-link\" href=\"\/fr\/excursions\/\" title='Tours'><div class=\"porto-sicon-box  vc_custom_1777037806223  wpb_custom_1cb25b551aa8fbc7e61b0bfda2344ea6 style_2 top-icon\"><div class=\"porto-sicon-top\"><div class=\"porto-just-icon-wrapper porto-sicon-img  porto-icon-9f5d1cfb45d27d96b50bf473aebba227\" style=\"font-size: 120px;\"><img loading=\"lazy\" decoding=\"async\" class=\"img-icon\" alt=\"\" src=\"https:\/\/kalkbrenner.ws\/wp-content\/uploads\/2025\/06\/tours.svg\" width=\"867\" height=\"776\" \/><\/div><\/div><div class=\"porto-sicon-header\"><h1 class=\"porto-sicon-title\" style=\"\">Excursions<\/h1><\/div> <!-- header --><\/div><!-- porto-sicon-box --><\/a>[\/vc_column][\/vc_row]<\/p>\n<\/div>","protected":false},"excerpt":{"rendered":"<p>[vc_row full_width=\u00a0\u00bbstretch_row\u00a0\u00bb css=\u00a0\u00bb.vc_custom_1748342959168{margin-top: -20px !important;padding-top: 15px !important;padding-bottom: 15px !important;background-color: #f5f5f5 !important;}\u00a0\u00bb conditional_render=\u00a0\u00bb%5B%7B%22value_role%22%3A%22administrator%22%7D%5D\u00a0\u00bb css_params=\u00a0\u00bb\u00a0\u00bb el_id=\u00a0\u00bbsearch_desktop\u00a0\u00bb el_class=\u00a0\u00bbvc_hidden-xs\u00a0\u00bb][vc_column][vc_single_image image=\u00a0\u00bb653&Prime; img_size=\u00a0\u00bbFULL\u00a0\u00bb alignment=\u00a0\u00bbcenter\u00a0\u00bb onclick=\u00a0\u00bbcustom_link\u00a0\u00bb css=\u00a0\u00bb.vc_custom_1749826749162{margin-bottom: 0px !important;}\u00a0\u00bb css_params=\u00a0\u00bb\u00a0\u00bb link=\u00a0\u00bbhttps:\/\/reservas.kalkbrenner.ws\/rentals\/holidays-rentals-rentals-d0\/\u00a0\u00bb el_id=\u00a0\u00bbdestop\u00a0\u00bb][\/vc_column][\/vc_row][vc_row full_width=\u00a0\u00bbstretch_row\u00a0\u00bb css=\u00a0\u00bb.vc_custom_1749641552553{margin-top: -42px !important;margin-bottom: 0px !important;padding-top: 15px !important;padding-bottom: 15px !important;background-color: #f5f5f5 !important;}\u00a0\u00bb conditional_render=\u00a0\u00bb%5B%7B%22value_role%22%3A%22administrator%22%7D%5D\u00a0\u00bb css_params=\u00a0\u00bb\u00a0\u00bb el_id=\u00a0\u00bbsearch_mobile\u00a0\u00bb el_class=\u00a0\u00bbvc_hidden-lg vc_hidden-md vc_hidden-sm\u00a0\u00bb][vc_column][vc_single_image image=\u00a0\u00bb648&Prime; img_size=\u00a0\u00bbFULL\u00a0\u00bb alignment=\u00a0\u00bbcenter\u00a0\u00bb onclick=\u00a0\u00bbcustom_link\u00a0\u00bb css=\u00a0\u00bb.vc_custom_1748342779285{margin-bottom: 0px !important;}\u00a0\u00bb css_params=\u00a0\u00bb\u00a0\u00bb link=\u00a0\u00bbhttps:\/\/reservas.kalkbrenner.ws\/rentals\/holidays-rentals-rentals-d0\/\u00a0\u00bb][\/vc_column][\/vc_row][vc_row css=\u00a0\u00bb.vc_custom_1746459054622{margin-top: 75px !important;}\u00a0\u00bb [&hellip;]<\/p>\n","protected":false},"author":1,"featured_media":0,"parent":0,"menu_order":0,"comment_status":"closed","ping_status":"closed","template":"","meta":{"footnotes":""},"class_list":["post-644","page","type-page","status-publish","hentry"],"_links":{"self":[{"href":"https:\/\/kalkbrenner.ws\/fr\/wp-json\/wp\/v2\/pages\/644","targetHints":{"allow":["GET"]}}],"collection":[{"href":"https:\/\/kalkbrenner.ws\/fr\/wp-json\/wp\/v2\/pages"}],"about":[{"href":"https:\/\/kalkbrenner.ws\/fr\/wp-json\/wp\/v2\/types\/page"}],"author":[{"embeddable":true,"href":"https:\/\/kalkbrenner.ws\/fr\/wp-json\/wp\/v2\/users\/1"}],"replies":[{"embeddable":true,"href":"https:\/\/kalkbrenner.ws\/fr\/wp-json\/wp\/v2\/comments?post=644"}],"version-history":[{"count":4,"href":"https:\/\/kalkbrenner.ws\/fr\/wp-json\/wp\/v2\/pages\/644\/revisions"}],"predecessor-version":[{"id":757,"href":"https:\/\/kalkbrenner.ws\/fr\/wp-json\/wp\/v2\/pages\/644\/revisions\/757"}],"wp:attachment":[{"href":"https:\/\/kalkbrenner.ws\/fr\/wp-json\/wp\/v2\/media?parent=644"}],"curies":[{"name":"wp","href":"https:\/\/api.w.org\/{rel}","templated":true}]}}